{"id":179,"date":"2021-11-03T22:02:36","date_gmt":"2021-11-03T22:02:36","guid":{"rendered":"https:\/\/aiuto-padre-pio.ch\/?page_id=179"},"modified":"2024-04-27T08:45:41","modified_gmt":"2024-04-27T08:45:41","slug":"galerie","status":"publish","type":"page","link":"https:\/\/aiuto-padre-pio.ch\/it\/galerie\/","title":{"rendered":"Galeria"},"content":{"rendered":"<figure class=\"wp-block-image size-large\"><img loading=\"lazy\" decoding=\"async\" width=\"1024\" height=\"962\" src=\"https:\/\/aiuto-padre-pio.ch\/wp-content\/uploads\/2024\/04\/Bild-Gruender-1-1024x962.jpg\" alt=\"\" class=\"wp-image-956\" srcset=\"https:\/\/aiuto-padre-pio.ch\/wp-content\/uploads\/2024\/04\/Bild-Gruender-1-1024x962.jpg 1024w, https:\/\/aiuto-padre-pio.ch\/wp-content\/uploads\/2024\/04\/Bild-Gruender-1-300x282.jpg 300w, https:\/\/aiuto-padre-pio.ch\/wp-content\/uploads\/2024\/04\/Bild-Gruender-1-768x721.jpg 768w, https:\/\/aiuto-padre-pio.ch\/wp-content\/uploads\/2024\/04\/Bild-Gruender-1-1536x1443.jpg 1536w, https:\/\/aiuto-padre-pio.ch\/wp-content\/uploads\/2024\/04\/Bild-Gruender-1-2048x1923.jpg 2048w, https:\/\/aiuto-padre-pio.ch\/wp-content\/uploads\/2024\/04\/Bild-Gruender-1-13x12.jpg 13w\" sizes=\"auto, (max-width: 1024px) 100vw, 1024px\" \/><\/figure>\n\n\n\n<p class=\"wp-block-paragraph\">I fondatori della Fondazione Aiuto Padre Pio<\/p>\n\n\n\n<figure class=\"wp-block-image size-large\"><img loading=\"lazy\" decoding=\"async\" width=\"1024\" height=\"768\" src=\"https:\/\/aiuto-padre-pio.ch\/wp-content\/uploads\/2022\/03\/WhatsApp-Image-2022-03-02-at-17.17.13-1024x768.jpeg\" alt=\"\" class=\"wp-image-591\" srcset=\"https:\/\/aiuto-padre-pio.ch\/wp-content\/uploads\/2022\/03\/WhatsApp-Image-2022-03-02-at-17.17.13-1024x768.jpeg 1024w, https:\/\/aiuto-padre-pio.ch\/wp-content\/uploads\/2022\/03\/WhatsApp-Image-2022-03-02-at-17.17.13-300x225.jpeg 300w, https:\/\/aiuto-padre-pio.ch\/wp-content\/uploads\/2022\/03\/WhatsApp-Image-2022-03-02-at-17.17.13-768x576.jpeg 768w, https:\/\/aiuto-padre-pio.ch\/wp-content\/uploads\/2022\/03\/WhatsApp-Image-2022-03-02-at-17.17.13-1536x1152.jpeg 1536w, https:\/\/aiuto-padre-pio.ch\/wp-content\/uploads\/2022\/03\/WhatsApp-Image-2022-03-02-at-17.17.13.jpeg 2048w\" sizes=\"auto, (max-width: 1024px) 100vw, 1024px\" \/><\/figure>\n\n\n\n<figure class=\"wp-block-gallery has-nested-images columns-default is-cropped has-lightbox wp-block-gallery-1 is-layout-flex wp-block-gallery-is-layout-flex\">\n<figure class=\"wp-block-image size-large\"><a href=\"https:\/\/aiuto-padre-pio.ch\/wp-content\/uploads\/2022\/03\/Foto1.jpeg\"><img loading=\"lazy\" decoding=\"async\" width=\"1024\" height=\"768\" data-id=\"592\" src=\"https:\/\/aiuto-padre-pio.ch\/wp-content\/uploads\/2022\/03\/Foto1-1024x768.jpeg\" alt=\"\" class=\"wp-image-592\" srcset=\"https:\/\/aiuto-padre-pio.ch\/wp-content\/uploads\/2022\/03\/Foto1-1024x768.jpeg 1024w, https:\/\/aiuto-padre-pio.ch\/wp-content\/uploads\/2022\/03\/Foto1-300x225.jpeg 300w, https:\/\/aiuto-padre-pio.ch\/wp-content\/uploads\/2022\/03\/Foto1-768x576.jpeg 768w, https:\/\/aiuto-padre-pio.ch\/wp-content\/uploads\/2022\/03\/Foto1-1536x1152.jpeg 1536w, https:\/\/aiuto-padre-pio.ch\/wp-content\/uploads\/2022\/03\/Foto1.jpeg 2048w\" sizes=\"auto, (max-width: 1024px) 100vw, 1024px\" \/><\/a><\/figure>\n\n\n\n<figure class=\"wp-block-image size-large\"><a href=\"https:\/\/aiuto-padre-pio.ch\/wp-content\/uploads\/2022\/03\/Foto2.jpeg\"><img loading=\"lazy\" decoding=\"async\" width=\"1024\" height=\"768\" data-id=\"593\" src=\"https:\/\/aiuto-padre-pio.ch\/wp-content\/uploads\/2022\/03\/Foto2-1024x768.jpeg\" alt=\"\" class=\"wp-image-593\" srcset=\"https:\/\/aiuto-padre-pio.ch\/wp-content\/uploads\/2022\/03\/Foto2-1024x768.jpeg 1024w, https:\/\/aiuto-padre-pio.ch\/wp-content\/uploads\/2022\/03\/Foto2-300x225.jpeg 300w, https:\/\/aiuto-padre-pio.ch\/wp-content\/uploads\/2022\/03\/Foto2-768x576.jpeg 768w, https:\/\/aiuto-padre-pio.ch\/wp-content\/uploads\/2022\/03\/Foto2-1536x1152.jpeg 1536w, https:\/\/aiuto-padre-pio.ch\/wp-content\/uploads\/2022\/03\/Foto2.jpeg 2048w\" sizes=\"auto, (max-width: 1024px) 100vw, 1024px\" \/><\/a><\/figure>\n\n\n\n<figure class=\"wp-block-image size-large\"><a href=\"https:\/\/aiuto-padre-pio.ch\/wp-content\/uploads\/2022\/03\/Foto3.jpeg\"><img loading=\"lazy\" decoding=\"async\" width=\"1024\" height=\"768\" data-id=\"594\" src=\"https:\/\/aiuto-padre-pio.ch\/wp-content\/uploads\/2022\/03\/Foto3-1024x768.jpeg\" alt=\"\" class=\"wp-image-594\" srcset=\"https:\/\/aiuto-padre-pio.ch\/wp-content\/uploads\/2022\/03\/Foto3-1024x768.jpeg 1024w, https:\/\/aiuto-padre-pio.ch\/wp-content\/uploads\/2022\/03\/Foto3-300x225.jpeg 300w, https:\/\/aiuto-padre-pio.ch\/wp-content\/uploads\/2022\/03\/Foto3-768x576.jpeg 768w, https:\/\/aiuto-padre-pio.ch\/wp-content\/uploads\/2022\/03\/Foto3-1536x1152.jpeg 1536w, https:\/\/aiuto-padre-pio.ch\/wp-content\/uploads\/2022\/03\/Foto3.jpeg 2048w\" sizes=\"auto, (max-width: 1024px) 100vw, 1024px\" \/><\/a><\/figure>\n\n\n\n<figure class=\"wp-block-image size-large\"><a href=\"https:\/\/aiuto-padre-pio.ch\/wp-content\/uploads\/2022\/03\/Foto4.jpeg\"><img loading=\"lazy\" decoding=\"async\" width=\"1024\" height=\"768\" data-id=\"595\" src=\"https:\/\/aiuto-padre-pio.ch\/wp-content\/uploads\/2022\/03\/Foto4-1024x768.jpeg\" alt=\"\" class=\"wp-image-595\" srcset=\"https:\/\/aiuto-padre-pio.ch\/wp-content\/uploads\/2022\/03\/Foto4-1024x768.jpeg 1024w, https:\/\/aiuto-padre-pio.ch\/wp-content\/uploads\/2022\/03\/Foto4-300x225.jpeg 300w, https:\/\/aiuto-padre-pio.ch\/wp-content\/uploads\/2022\/03\/Foto4-768x576.jpeg 768w, https:\/\/aiuto-padre-pio.ch\/wp-content\/uploads\/2022\/03\/Foto4-1536x1152.jpeg 1536w, https:\/\/aiuto-padre-pio.ch\/wp-content\/uploads\/2022\/03\/Foto4.jpeg 2048w\" sizes=\"auto, (max-width: 1024px) 100vw, 1024px\" \/><\/a><\/figure>\n\n\n\n<figure class=\"wp-block-image size-large\"><a href=\"https:\/\/aiuto-padre-pio.ch\/wp-content\/uploads\/2022\/03\/Foto5.jpeg\"><img loading=\"lazy\" decoding=\"async\" width=\"1024\" height=\"768\" data-id=\"596\" src=\"https:\/\/aiuto-padre-pio.ch\/wp-content\/uploads\/2022\/03\/Foto5-1024x768.jpeg\" alt=\"\" class=\"wp-image-596\" srcset=\"https:\/\/aiuto-padre-pio.ch\/wp-content\/uploads\/2022\/03\/Foto5-1024x768.jpeg 1024w, https:\/\/aiuto-padre-pio.ch\/wp-content\/uploads\/2022\/03\/Foto5-300x225.jpeg 300w, https:\/\/aiuto-padre-pio.ch\/wp-content\/uploads\/2022\/03\/Foto5-768x576.jpeg 768w, https:\/\/aiuto-padre-pio.ch\/wp-content\/uploads\/2022\/03\/Foto5-1536x1152.jpeg 1536w, https:\/\/aiuto-padre-pio.ch\/wp-content\/uploads\/2022\/03\/Foto5.jpeg 2048w\" sizes=\"auto, (max-width: 1024px) 100vw, 1024px\" \/><\/a><\/figure>\n\n\n\n<figure class=\"wp-block-image size-large\"><a href=\"https:\/\/aiuto-padre-pio.ch\/wp-content\/uploads\/2022\/03\/Foto6.jpeg\"><img loading=\"lazy\" decoding=\"async\" width=\"1024\" height=\"768\" data-id=\"597\" src=\"https:\/\/aiuto-padre-pio.ch\/wp-content\/uploads\/2022\/03\/Foto6-1024x768.jpeg\" alt=\"\" class=\"wp-image-597\" srcset=\"https:\/\/aiuto-padre-pio.ch\/wp-content\/uploads\/2022\/03\/Foto6-1024x768.jpeg 1024w, https:\/\/aiuto-padre-pio.ch\/wp-content\/uploads\/2022\/03\/Foto6-300x225.jpeg 300w, https:\/\/aiuto-padre-pio.ch\/wp-content\/uploads\/2022\/03\/Foto6-768x576.jpeg 768w, https:\/\/aiuto-padre-pio.ch\/wp-content\/uploads\/2022\/03\/Foto6-1536x1152.jpeg 1536w, https:\/\/aiuto-padre-pio.ch\/wp-content\/uploads\/2022\/03\/Foto6.jpeg 2048w\" sizes=\"auto, (max-width: 1024px) 100vw, 1024px\" \/><\/a><\/figure>\n<\/figure>\n\n\n\n<div style=\"height:20px\" aria-hidden=\"true\" class=\"wp-block-spacer\"><\/div>\n\n\n\n<figure class=\"wp-block-video\"><video height=\"480\" style=\"aspect-ratio: 848 \/ 480;\" width=\"848\" autoplay src=\"https:\/\/aiuto-padre-pio.ch\/wp-content\/uploads\/2022\/03\/Ohne-Ton_.mp4\"><\/video><\/figure>\n\n\n\n<p class=\"wp-block-paragraph\">La \u201cFondazione Aiuto Padre Pio\u201d ha intensificato la raccolta di abiti a favore di persone bisognose e bambini. Grazie all\u2019instancabile lavoro della Fondazione, oltre a Dottikon (AG), \u00e8 stata aperta un\u2019altra sede ad Altendorf (SZ). La donazione degli abiti sar\u00e0 presto definita con il consiglio di amministrazione in modo che le persone bisognose possano essere aiutate.<\/p>\n\n\n\n<p class=\"wp-block-paragraph\">Continueremo a tenervi aggiornati sui nostri canali social.<\/p>\n\n\n\n<figure class=\"wp-block-embed is-type-video is-provider-youtube wp-block-embed-youtube wp-embed-aspect-16-9 wp-has-aspect-ratio\"><div class=\"wp-block-embed__wrapper\">\n<iframe loading=\"lazy\" title=\"Fondazione Aiuto Padre Pio Deutsch\" width=\"800\" height=\"450\" src=\"https:\/\/www.youtube.com\/embed\/jreNrMRfIes?feature=oembed\" frameborder=\"0\" allow=\"accelerometer; autoplay; clipboard-write; encrypted-media; gyroscope; picture-in-picture; web-share\" referrerpolicy=\"strict-origin-when-cross-origin\" allowfullscreen><\/iframe>\n<\/div><\/figure>\n\n\n\n<p class=\"wp-block-paragraph\">\u201eLa Fondazione Aiuto Padre Pio\u201c \u00e8 molto impegnata nel raccogliere vestiti da donare alle persone bisognose. Una parte dei vestiti \u00e8 gi\u00e0 stata raccolta e nelle prossime settimane avverr\u00e0 la consegna alle persone \u00e8 bambini meno fortunati. In riguardo al nostro progetto caritativo, vi terremo informati sui nostri canali social.<\/p>\n\n\n\n<figure class=\"wp-block-embed is-type-video is-provider-youtube wp-block-embed-youtube wp-embed-aspect-16-9 wp-has-aspect-ratio\"><div class=\"wp-block-embed__wrapper\">\n<iframe loading=\"lazy\" title=\"Fondazione Aiuto Padre Pio Italiano\" width=\"800\" height=\"450\" src=\"https:\/\/www.youtube.com\/embed\/J8GFNMk1_aw?feature=oembed\" frameborder=\"0\" allow=\"accelerometer; autoplay; clipboard-write; encrypted-media; gyroscope; picture-in-picture; web-share\" referrerpolicy=\"strict-origin-when-cross-origin\" allowfullscreen><\/iframe>\n<\/div><\/figure>\n\n\n<div class=\"pgc-sgb-cb wp-block-pgcsimplygalleryblock-slider\" data-gallery-id=\"5c611114\" style=\"min-height:400px\"><div class=\"sgb-preloader\" id=\"pr_5c611114\">\n\t<div class=\"sgb-square\" style=\"background:#d4d4d4\"><\/div>\n\t<div class=\"sgb-square\" style=\"background:#d4d4d4\"><\/div>\n\t<div class=\"sgb-square\" style=\"background:#d4d4d4\"><\/div>\n\t<div class=\"sgb-square\" style=\"background:#d4d4d4\"><\/div><\/div><div class=\"simply-gallery-amp pgc_sgb_slider\" style=\"display: none;\"><div class=\"sgb-gallery\"><div class=\"sgb-item\"><a href=\"https:\/\/aiuto-padre-pio.ch\/it\/damenkleider\/\" target=\"_blank\"><img decoding=\"async\" alt=\"\" width=\"300\" height=\"225\" loading=\"lazy\" src=\"https:\/\/aiuto-padre-pio.ch\/wp-content\/uploads\/2021\/12\/Damenkleider-300x225.jpeg\" srcset=\"https:\/\/aiuto-padre-pio.ch\/wp-content\/uploads\/2021\/12\/Damenkleider-300x225.jpeg 300w,https:\/\/aiuto-padre-pio.ch\/wp-content\/uploads\/2021\/12\/Damenkleider-1024x768.jpeg 1024w,https:\/\/aiuto-padre-pio.ch\/wp-content\/uploads\/2021\/12\/Damenkleider.jpeg 2048w\" sizes=\"auto, 250px\"\/><\/a><div class=\"sgb-item-caption\"><em>Dies ist ein Testfeld und kann beschriftet werden&#8230;.<\/em><\/div><\/div><div class=\"sgb-item\"><a href=\"https:\/\/aiuto-padre-pio.ch\/it\/spielecke\/\" target=\"_blank\"><img decoding=\"async\" alt=\"\" width=\"300\" height=\"225\" loading=\"lazy\" src=\"https:\/\/aiuto-padre-pio.ch\/wp-content\/uploads\/2021\/12\/Spielecke-300x225.jpeg\" srcset=\"https:\/\/aiuto-padre-pio.ch\/wp-content\/uploads\/2021\/12\/Spielecke-300x225.jpeg 300w,https:\/\/aiuto-padre-pio.ch\/wp-content\/uploads\/2021\/12\/Spielecke-1024x768.jpeg 1024w,https:\/\/aiuto-padre-pio.ch\/wp-content\/uploads\/2021\/12\/Spielecke.jpeg 2048w\" sizes=\"auto, 250px\"\/><\/a><\/div><div class=\"sgb-item\"><a href=\"https:\/\/aiuto-padre-pio.ch\/it\/whatsapp-image-2021-12-05-at-12-41-03\/\" target=\"_blank\"><img decoding=\"async\" alt=\"\" width=\"300\" height=\"225\" loading=\"lazy\" src=\"https:\/\/aiuto-padre-pio.ch\/wp-content\/uploads\/2021\/12\/WhatsApp-Image-2021-12-05-at-12.41.03-300x225.jpeg\" srcset=\"https:\/\/aiuto-padre-pio.ch\/wp-content\/uploads\/2021\/12\/WhatsApp-Image-2021-12-05-at-12.41.03-300x225.jpeg 300w,https:\/\/aiuto-padre-pio.ch\/wp-content\/uploads\/2021\/12\/WhatsApp-Image-2021-12-05-at-12.41.03-1024x768.jpeg 1024w,https:\/\/aiuto-padre-pio.ch\/wp-content\/uploads\/2021\/12\/WhatsApp-Image-2021-12-05-at-12.41.03.jpeg 2048w\" sizes=\"auto, 250px\"\/><\/a><div class=\"sgb-item-caption\"><em>Dies ist ein Testfeld und kann beschriftet werden&#8230;.<\/em><\/div><\/div><div class=\"sgb-item\"><a href=\"https:\/\/aiuto-padre-pio.ch\/it\/kinder2\/\" target=\"_blank\"><img decoding=\"async\" alt=\"\" width=\"300\" height=\"225\" loading=\"lazy\" src=\"https:\/\/aiuto-padre-pio.ch\/wp-content\/uploads\/2021\/12\/Kinder2-300x225.jpeg\" srcset=\"https:\/\/aiuto-padre-pio.ch\/wp-content\/uploads\/2021\/12\/Kinder2-300x225.jpeg 300w,https:\/\/aiuto-padre-pio.ch\/wp-content\/uploads\/2021\/12\/Kinder2-1024x768.jpeg 1024w,https:\/\/aiuto-padre-pio.ch\/wp-content\/uploads\/2021\/12\/Kinder2.jpeg 2048w\" sizes=\"auto, 250px\"\/><\/a><div class=\"sgb-item-caption\"><em>Dies ist ein Testfeld und kann beschriftet werden&#8230;.<\/em><\/div><\/div><div class=\"sgb-item\"><a href=\"https:\/\/aiuto-padre-pio.ch\/it\/kinder\/\" target=\"_blank\"><img decoding=\"async\" alt=\"\" width=\"225\" height=\"300\" loading=\"lazy\" src=\"https:\/\/aiuto-padre-pio.ch\/wp-content\/uploads\/2021\/12\/Kinder-225x300.jpeg\" srcset=\"https:\/\/aiuto-padre-pio.ch\/wp-content\/uploads\/2021\/12\/Kinder-225x300.jpeg 225w,https:\/\/aiuto-padre-pio.ch\/wp-content\/uploads\/2021\/12\/Kinder-768x1024.jpeg 768w,https:\/\/aiuto-padre-pio.ch\/wp-content\/uploads\/2021\/12\/Kinder.jpeg 1536w\" sizes=\"auto, 250px\"\/><\/a><div class=\"sgb-item-caption\"><em>Dies ist ein Testfeld und kann beschriftet werden&#8230;.<\/em><\/div><\/div><\/div><\/div><script type=\"application\/json\" class=\"sgb-data\">{\"externalLink\":false,\"captions\":false,\"sliderAdminWidth\":840,\"collectionColumns\":1,\"sliderThumbsNavi\":false,\"galleryType\":\"pgc_sgb_slider\",\"galleryId\":\"5c611114\",\"images\":[{\"id\":557,\"title\":\"Damenkleider\",\"url\":\"https:\/\/aiuto-padre-pio.ch\/wp-content\/uploads\/2021\/12\/Damenkleider.jpeg\",\"link\":\"https:\/\/aiuto-padre-pio.ch\/damenkleider\/\",\"alt\":\"\",\"description\":\"Dies ist ein Testfeld und kann beschriftet werden....\",\"caption\":\"Dies ist ein Testfeld und kann beschriftet werden....\",\"mime\":\"image\/jpeg\",\"type\":\"image\",\"width\":2048,\"height\":1536,\"sizes\":{\"thumbnail\":{\"height\":150,\"width\":150,\"url\":\"https:\/\/aiuto-padre-pio.ch\/wp-content\/uploads\/2021\/12\/Damenkleider-150x150.jpeg\",\"orientation\":\"landscape\"},\"medium\":{\"height\":225,\"width\":300,\"url\":\"https:\/\/aiuto-padre-pio.ch\/wp-content\/uploads\/2021\/12\/Damenkleider-300x225.jpeg\",\"orientation\":\"landscape\"},\"large\":{\"height\":768,\"width\":1024,\"url\":\"https:\/\/aiuto-padre-pio.ch\/wp-content\/uploads\/2021\/12\/Damenkleider-1024x768.jpeg\",\"orientation\":\"landscape\"},\"full\":{\"url\":\"https:\/\/aiuto-padre-pio.ch\/wp-content\/uploads\/2021\/12\/Damenkleider.jpeg\",\"height\":1536,\"width\":2048,\"orientation\":\"landscape\"}},\"imageMeta\":{\"aperture\":\"0\",\"credit\":\"\",\"camera\":\"\",\"caption\":\"\",\"created_timestamp\":\"0\",\"copyright\":\"\",\"focal_length\":\"0\",\"iso\":\"0\",\"shutter_speed\":\"0\",\"title\":\"\",\"orientation\":\"0\",\"keywords\":[]},\"meta\":false,\"postlink\":\"https:\/\/aiuto-padre-pio.ch\/damenkleider\/\"},{\"id\":564,\"title\":\"Spielecke\",\"url\":\"https:\/\/aiuto-padre-pio.ch\/wp-content\/uploads\/2021\/12\/Spielecke.jpeg\",\"link\":\"https:\/\/aiuto-padre-pio.ch\/spielecke\/\",\"alt\":\"\",\"description\":\"\",\"caption\":\"\",\"mime\":\"image\/jpeg\",\"type\":\"image\",\"width\":2048,\"height\":1536,\"sizes\":{\"thumbnail\":{\"height\":150,\"width\":150,\"url\":\"https:\/\/aiuto-padre-pio.ch\/wp-content\/uploads\/2021\/12\/Spielecke-150x150.jpeg\",\"orientation\":\"landscape\"},\"medium\":{\"height\":225,\"width\":300,\"url\":\"https:\/\/aiuto-padre-pio.ch\/wp-content\/uploads\/2021\/12\/Spielecke-300x225.jpeg\",\"orientation\":\"landscape\"},\"large\":{\"height\":768,\"width\":1024,\"url\":\"https:\/\/aiuto-padre-pio.ch\/wp-content\/uploads\/2021\/12\/Spielecke-1024x768.jpeg\",\"orientation\":\"landscape\"},\"full\":{\"url\":\"https:\/\/aiuto-padre-pio.ch\/wp-content\/uploads\/2021\/12\/Spielecke.jpeg\",\"height\":1536,\"width\":2048,\"orientation\":\"landscape\"}},\"imageMeta\":{\"aperture\":\"0\",\"credit\":\"\",\"camera\":\"\",\"caption\":\"\",\"created_timestamp\":\"0\",\"copyright\":\"\",\"focal_length\":\"0\",\"iso\":\"0\",\"shutter_speed\":\"0\",\"title\":\"\",\"orientation\":\"0\",\"keywords\":[]},\"meta\":false,\"postlink\":\"https:\/\/aiuto-padre-pio.ch\/spielecke\/\"},{\"id\":561,\"title\":\"WhatsApp Image 2021-12-05 at 12.41.03\",\"url\":\"https:\/\/aiuto-padre-pio.ch\/wp-content\/uploads\/2021\/12\/WhatsApp-Image-2021-12-05-at-12.41.03.jpeg\",\"link\":\"https:\/\/aiuto-padre-pio.ch\/whatsapp-image-2021-12-05-at-12-41-03\/\",\"alt\":\"\",\"description\":\"Dies ist ein Testfeld und kann beschriftet werden....\",\"caption\":\"Dies ist ein Testfeld und kann beschriftet werden....\",\"mime\":\"image\/jpeg\",\"type\":\"image\",\"width\":2048,\"height\":1536,\"sizes\":{\"thumbnail\":{\"height\":150,\"width\":150,\"url\":\"https:\/\/aiuto-padre-pio.ch\/wp-content\/uploads\/2021\/12\/WhatsApp-Image-2021-12-05-at-12.41.03-150x150.jpeg\",\"orientation\":\"landscape\"},\"medium\":{\"height\":225,\"width\":300,\"url\":\"https:\/\/aiuto-padre-pio.ch\/wp-content\/uploads\/2021\/12\/WhatsApp-Image-2021-12-05-at-12.41.03-300x225.jpeg\",\"orientation\":\"landscape\"},\"large\":{\"height\":768,\"width\":1024,\"url\":\"https:\/\/aiuto-padre-pio.ch\/wp-content\/uploads\/2021\/12\/WhatsApp-Image-2021-12-05-at-12.41.03-1024x768.jpeg\",\"orientation\":\"landscape\"},\"full\":{\"url\":\"https:\/\/aiuto-padre-pio.ch\/wp-content\/uploads\/2021\/12\/WhatsApp-Image-2021-12-05-at-12.41.03.jpeg\",\"height\":1536,\"width\":2048,\"orientation\":\"landscape\"}},\"imageMeta\":{\"aperture\":\"0\",\"credit\":\"\",\"camera\":\"\",\"caption\":\"\",\"created_timestamp\":\"0\",\"copyright\":\"\",\"focal_length\":\"0\",\"iso\":\"0\",\"shutter_speed\":\"0\",\"title\":\"\",\"orientation\":\"0\",\"keywords\":[]},\"meta\":false,\"postlink\":\"https:\/\/aiuto-padre-pio.ch\/whatsapp-image-2021-12-05-at-12-41-03\/\"},{\"id\":560,\"title\":\"Kinder2\",\"url\":\"https:\/\/aiuto-padre-pio.ch\/wp-content\/uploads\/2021\/12\/Kinder2.jpeg\",\"link\":\"https:\/\/aiuto-padre-pio.ch\/kinder2\/\",\"alt\":\"\",\"description\":\"Dies ist ein Testfeld und kann beschriftet werden....\",\"caption\":\"Dies ist ein Testfeld und kann beschriftet werden....\",\"mime\":\"image\/jpeg\",\"type\":\"image\",\"width\":2048,\"height\":1536,\"sizes\":{\"thumbnail\":{\"height\":150,\"width\":150,\"url\":\"https:\/\/aiuto-padre-pio.ch\/wp-content\/uploads\/2021\/12\/Kinder2-150x150.jpeg\",\"orientation\":\"landscape\"},\"medium\":{\"height\":225,\"width\":300,\"url\":\"https:\/\/aiuto-padre-pio.ch\/wp-content\/uploads\/2021\/12\/Kinder2-300x225.jpeg\",\"orientation\":\"landscape\"},\"large\":{\"height\":768,\"width\":1024,\"url\":\"https:\/\/aiuto-padre-pio.ch\/wp-content\/uploads\/2021\/12\/Kinder2-1024x768.jpeg\",\"orientation\":\"landscape\"},\"full\":{\"url\":\"https:\/\/aiuto-padre-pio.ch\/wp-content\/uploads\/2021\/12\/Kinder2.jpeg\",\"height\":1536,\"width\":2048,\"orientation\":\"landscape\"}},\"imageMeta\":{\"aperture\":\"0\",\"credit\":\"\",\"camera\":\"\",\"caption\":\"\",\"created_timestamp\":\"0\",\"copyright\":\"\",\"focal_length\":\"0\",\"iso\":\"0\",\"shutter_speed\":\"0\",\"title\":\"\",\"orientation\":\"0\",\"keywords\":[]},\"meta\":false,\"postlink\":\"https:\/\/aiuto-padre-pio.ch\/kinder2\/\"},{\"id\":559,\"title\":\"Kinder\",\"url\":\"https:\/\/aiuto-padre-pio.ch\/wp-content\/uploads\/2021\/12\/Kinder.jpeg\",\"link\":\"https:\/\/aiuto-padre-pio.ch\/kinder\/\",\"alt\":\"\",\"description\":\"Dies ist ein Testfeld und kann beschriftet werden....\",\"caption\":\"Dies ist ein Testfeld und kann beschriftet werden....\",\"mime\":\"image\/jpeg\",\"type\":\"image\",\"width\":1536,\"height\":2048,\"sizes\":{\"thumbnail\":{\"height\":150,\"width\":150,\"url\":\"https:\/\/aiuto-padre-pio.ch\/wp-content\/uploads\/2021\/12\/Kinder-150x150.jpeg\",\"orientation\":\"landscape\"},\"medium\":{\"height\":300,\"width\":225,\"url\":\"https:\/\/aiuto-padre-pio.ch\/wp-content\/uploads\/2021\/12\/Kinder-225x300.jpeg\",\"orientation\":\"portrait\"},\"large\":{\"height\":1024,\"width\":768,\"url\":\"https:\/\/aiuto-padre-pio.ch\/wp-content\/uploads\/2021\/12\/Kinder-768x1024.jpeg\",\"orientation\":\"portrait\"},\"full\":{\"url\":\"https:\/\/aiuto-padre-pio.ch\/wp-content\/uploads\/2021\/12\/Kinder.jpeg\",\"height\":2048,\"width\":1536,\"orientation\":\"portrait\"}},\"imageMeta\":{\"aperture\":\"0\",\"credit\":\"\",\"camera\":\"\",\"caption\":\"\",\"created_timestamp\":\"0\",\"copyright\":\"\",\"focal_length\":\"0\",\"iso\":\"0\",\"shutter_speed\":\"0\",\"title\":\"\",\"orientation\":\"0\",\"keywords\":[]},\"meta\":false,\"postlink\":\"https:\/\/aiuto-padre-pio.ch\/kinder\/\"}],\"itemsMetaDataCollection\":[]}<\/script><script>(function(){if(window.PGC_SGB && window.PGC_SGB.searcher){window.PGC_SGB.searcher.initBlocks()}})()<\/script><\/div>\n\n\n<p class=\"wp-block-paragraph\">La Fondazione Aiuto Padre Pio \u00e8 stata fondata il 5 novembre 2021 da Antonio Spata, Vera Spata, Marcel Knobel e Andrea Knobel.<\/p>\n\n\n\n<figure class=\"wp-block-image\"><img decoding=\"async\" src=\"https:\/\/aiuto-padre-pio.ch\/wp-content\/uploads\/2021\/12\/Gruendung-5.11.2021-1.jpg\" alt=\"\"\/><\/figure>\n\n\n\n<p class=\"wp-block-paragraph\">Oggi \u00e8 un giorno importante per noi, perch\u00e9 \u00e8 stata raggiunta la costituzione della nostra Fondazione \"Aiuto Padre Pio\". Ogni anno realizzer\u00e0 progetti sociali che saranno definiti e votati dal consiglio di fondazione stesso.<\/p>\n\n\n\n<p class=\"wp-block-paragraph\">Sosterremo attivamente la raccolta di abiti, vestiti per bambini e giocattoli per i bambini, nonch\u00e9 l'attuazione dell'ippoterapia per i bambini svantaggiati.<\/p>","protected":false},"excerpt":{"rendered":"<p>Die Gr\u00fcnder der Fondazione Aiuto Padre Pio Die \u201eFondazione Aiuto Padre Pio\u201c hat die Kleider-Sammlung zugunsten von bed\u00fcrftigen Menschen und Kindern intensiviert. Dank der unerm\u00fcdlichen Arbeit der Fondazione konnte man &#8230;<\/p>","protected":false},"author":1,"featured_media":0,"parent":0,"menu_order":0,"comment_status":"closed","ping_status":"closed","template":"","meta":{"_coblocks_attr":"","_coblocks_dimensions":"","_coblocks_responsive_height":"","_coblocks_accordion_ie_support":"","_uag_custom_page_level_css":"","_monsterinsights_skip_tracking":false,"pgc_sgb_lightbox_settings":"","footnotes":""},"class_list":["post-179","page","type-page","status-publish","hentry"],"yoast_head":"<!-- This site is optimized with the Yoast SEO Premium plugin v18.1 (Yoast SEO v28.3) - https:\/\/yoast.com\/product\/yoast-seo-premium-wordpress\/ -->\n<title>Galerie - Aiuto Padre Pio<\/title>\n<meta name=\"description\" content=\"aiutopadrepio Aiuto Padre Pio fondazione Aiuto Padre Pio stiftung Aiuto Padre Pio www.aiuto-padre-pio.ch Aiuto Padre Pio\" \/>\n<meta name=\"robots\" content=\"index, follow, max-snippet:-1, max-image-preview:large, max-video-preview:-1\" \/>\n<link rel=\"canonical\" href=\"https:\/\/aiuto-padre-pio.ch\/it\/galerie\/\" \/>\n<meta property=\"og:locale\" content=\"it_IT\" \/>\n<meta property=\"og:type\" content=\"article\" \/>\n<meta property=\"og:title\" content=\"Galerie\" \/>\n<meta property=\"og:description\" content=\"aiutopadrepio Aiuto Padre Pio fondazione Aiuto Padre Pio stiftung Aiuto Padre Pio www.aiuto-padre-pio.ch Aiuto Padre Pio\" \/>\n<meta property=\"og:url\" content=\"https:\/\/aiuto-padre-pio.ch\/it\/galerie\/\" \/>\n<meta property=\"og:site_name\" content=\"Aiuto Padre Pio\" \/>\n<meta property=\"article:modified_time\" content=\"2024-04-27T08:45:41+00:00\" \/>\n<meta property=\"og:image\" content=\"https:\/\/aiuto-padre-pio.ch\/wp-content\/uploads\/2024\/04\/Bild-Gruender-1-1024x962.jpg\" \/>\n<meta name=\"twitter:card\" content=\"summary_large_image\" \/>\n<meta name=\"twitter:label1\" content=\"Tempo di lettura stimato\" \/>\n\t<meta name=\"twitter:data1\" content=\"5 minuti\" \/>\n<script type=\"application\/ld+json\" class=\"yoast-schema-graph\">{\"@context\":\"https:\\\/\\\/schema.org\",\"@graph\":[{\"@type\":\"WebPage\",\"@id\":\"https:\\\/\\\/aiuto-padre-pio.ch\\\/galerie\\\/\",\"url\":\"https:\\\/\\\/aiuto-padre-pio.ch\\\/galerie\\\/\",\"name\":\"Galerie - Aiuto Padre Pio\",\"isPartOf\":{\"@id\":\"https:\\\/\\\/aiuto-padre-pio.ch\\\/#website\"},\"primaryImageOfPage\":{\"@id\":\"https:\\\/\\\/aiuto-padre-pio.ch\\\/galerie\\\/#primaryimage\"},\"image\":{\"@id\":\"https:\\\/\\\/aiuto-padre-pio.ch\\\/galerie\\\/#primaryimage\"},\"thumbnailUrl\":\"https:\\\/\\\/aiuto-padre-pio.ch\\\/wp-content\\\/uploads\\\/2024\\\/04\\\/Bild-Gruender-1-1024x962.jpg\",\"datePublished\":\"2021-11-03T22:02:36+00:00\",\"dateModified\":\"2024-04-27T08:45:41+00:00\",\"description\":\"aiutopadrepio Aiuto Padre Pio fondazione Aiuto Padre Pio stiftung Aiuto Padre Pio www.aiuto-padre-pio.ch Aiuto Padre Pio\",\"breadcrumb\":{\"@id\":\"https:\\\/\\\/aiuto-padre-pio.ch\\\/galerie\\\/#breadcrumb\"},\"inLanguage\":\"it-IT\",\"potentialAction\":[{\"@type\":\"ReadAction\",\"target\":[\"https:\\\/\\\/aiuto-padre-pio.ch\\\/galerie\\\/\"]}]},{\"@type\":\"ImageObject\",\"inLanguage\":\"it-IT\",\"@id\":\"https:\\\/\\\/aiuto-padre-pio.ch\\\/galerie\\\/#primaryimage\",\"url\":\"https:\\\/\\\/aiuto-padre-pio.ch\\\/wp-content\\\/uploads\\\/2024\\\/04\\\/Bild-Gruender-1-1024x962.jpg\",\"contentUrl\":\"https:\\\/\\\/aiuto-padre-pio.ch\\\/wp-content\\\/uploads\\\/2024\\\/04\\\/Bild-Gruender-1-1024x962.jpg\"},{\"@type\":\"BreadcrumbList\",\"@id\":\"https:\\\/\\\/aiuto-padre-pio.ch\\\/galerie\\\/#breadcrumb\",\"itemListElement\":[{\"@type\":\"ListItem\",\"position\":1,\"name\":\"Startseite\",\"item\":\"https:\\\/\\\/aiuto-padre-pio.ch\\\/\"},{\"@type\":\"ListItem\",\"position\":2,\"name\":\"Galerie\"}]},{\"@type\":\"WebSite\",\"@id\":\"https:\\\/\\\/aiuto-padre-pio.ch\\\/#website\",\"url\":\"https:\\\/\\\/aiuto-padre-pio.ch\\\/\",\"name\":\"Aiuto Padre Pio\",\"description\":\"FONDAZIONE\",\"publisher\":{\"@id\":\"https:\\\/\\\/aiuto-padre-pio.ch\\\/#organization\"},\"potentialAction\":[{\"@type\":\"SearchAction\",\"target\":{\"@type\":\"EntryPoint\",\"urlTemplate\":\"https:\\\/\\\/aiuto-padre-pio.ch\\\/?s={search_term_string}\"},\"query-input\":{\"@type\":\"PropertyValueSpecification\",\"valueRequired\":true,\"valueName\":\"search_term_string\"}}],\"inLanguage\":\"it-IT\"},{\"@type\":\"Organization\",\"@id\":\"https:\\\/\\\/aiuto-padre-pio.ch\\\/#organization\",\"name\":\"Fondazione Aiuto Padre Pio\",\"url\":\"https:\\\/\\\/aiuto-padre-pio.ch\\\/\",\"logo\":{\"@type\":\"ImageObject\",\"inLanguage\":\"it-IT\",\"@id\":\"https:\\\/\\\/aiuto-padre-pio.ch\\\/#\\\/schema\\\/logo\\\/image\\\/\",\"url\":\"https:\\\/\\\/aiuto-padre-pio.ch\\\/wp-content\\\/uploads\\\/2021\\\/11\\\/Padre-Pio-Teaser-5.11.2021-3.jpg\",\"contentUrl\":\"https:\\\/\\\/aiuto-padre-pio.ch\\\/wp-content\\\/uploads\\\/2021\\\/11\\\/Padre-Pio-Teaser-5.11.2021-3.jpg\",\"width\":842,\"height\":595,\"caption\":\"Fondazione Aiuto Padre Pio\"},\"image\":{\"@id\":\"https:\\\/\\\/aiuto-padre-pio.ch\\\/#\\\/schema\\\/logo\\\/image\\\/\"},\"sameAs\":[\"https:\\\/\\\/www.instagram.com\\\/aiutopadrepio\\\/\"]}]}<\/script>\n<!-- \/ Yoast SEO Premium plugin. -->","yoast_head_json":{"title":"Galerie - Aiuto Padre Pio","description":"aiutopadrepio Aiuto Padre Pio fondazione Aiuto Padre Pio stiftung Aiuto Padre Pio www.aiuto-padre-pio.ch Aiuto Padre Pio","robots":{"index":"index","follow":"follow","max-snippet":"max-snippet:-1","max-image-preview":"max-image-preview:large","max-video-preview":"max-video-preview:-1"},"canonical":"https:\/\/aiuto-padre-pio.ch\/it\/galerie\/","og_locale":"it_IT","og_type":"article","og_title":"Galerie","og_description":"aiutopadrepio Aiuto Padre Pio fondazione Aiuto Padre Pio stiftung Aiuto Padre Pio www.aiuto-padre-pio.ch Aiuto Padre Pio","og_url":"https:\/\/aiuto-padre-pio.ch\/it\/galerie\/","og_site_name":"Aiuto Padre Pio","article_modified_time":"2024-04-27T08:45:41+00:00","og_image":[{"url":"https:\/\/aiuto-padre-pio.ch\/wp-content\/uploads\/2024\/04\/Bild-Gruender-1-1024x962.jpg","type":"","width":"","height":""}],"twitter_card":"summary_large_image","twitter_misc":{"Tempo di lettura stimato":"5 minuti"},"schema":{"@context":"https:\/\/schema.org","@graph":[{"@type":"WebPage","@id":"https:\/\/aiuto-padre-pio.ch\/galerie\/","url":"https:\/\/aiuto-padre-pio.ch\/galerie\/","name":"Galerie - Aiuto Padre Pio","isPartOf":{"@id":"https:\/\/aiuto-padre-pio.ch\/#website"},"primaryImageOfPage":{"@id":"https:\/\/aiuto-padre-pio.ch\/galerie\/#primaryimage"},"image":{"@id":"https:\/\/aiuto-padre-pio.ch\/galerie\/#primaryimage"},"thumbnailUrl":"https:\/\/aiuto-padre-pio.ch\/wp-content\/uploads\/2024\/04\/Bild-Gruender-1-1024x962.jpg","datePublished":"2021-11-03T22:02:36+00:00","dateModified":"2024-04-27T08:45:41+00:00","description":"aiutopadrepio Aiuto Padre Pio fondazione Aiuto Padre Pio stiftung Aiuto Padre Pio www.aiuto-padre-pio.ch Aiuto Padre Pio","breadcrumb":{"@id":"https:\/\/aiuto-padre-pio.ch\/galerie\/#breadcrumb"},"inLanguage":"it-IT","potentialAction":[{"@type":"ReadAction","target":["https:\/\/aiuto-padre-pio.ch\/galerie\/"]}]},{"@type":"ImageObject","inLanguage":"it-IT","@id":"https:\/\/aiuto-padre-pio.ch\/galerie\/#primaryimage","url":"https:\/\/aiuto-padre-pio.ch\/wp-content\/uploads\/2024\/04\/Bild-Gruender-1-1024x962.jpg","contentUrl":"https:\/\/aiuto-padre-pio.ch\/wp-content\/uploads\/2024\/04\/Bild-Gruender-1-1024x962.jpg"},{"@type":"BreadcrumbList","@id":"https:\/\/aiuto-padre-pio.ch\/galerie\/#breadcrumb","itemListElement":[{"@type":"ListItem","position":1,"name":"Startseite","item":"https:\/\/aiuto-padre-pio.ch\/"},{"@type":"ListItem","position":2,"name":"Galerie"}]},{"@type":"WebSite","@id":"https:\/\/aiuto-padre-pio.ch\/#website","url":"https:\/\/aiuto-padre-pio.ch\/","name":"Aiuto Padre Pio","description":"FONDAZIONE","publisher":{"@id":"https:\/\/aiuto-padre-pio.ch\/#organization"},"potentialAction":[{"@type":"SearchAction","target":{"@type":"EntryPoint","urlTemplate":"https:\/\/aiuto-padre-pio.ch\/?s={search_term_string}"},"query-input":{"@type":"PropertyValueSpecification","valueRequired":true,"valueName":"search_term_string"}}],"inLanguage":"it-IT"},{"@type":"Organization","@id":"https:\/\/aiuto-padre-pio.ch\/#organization","name":"Fondazione Aiuto Padre Pio","url":"https:\/\/aiuto-padre-pio.ch\/","logo":{"@type":"ImageObject","inLanguage":"it-IT","@id":"https:\/\/aiuto-padre-pio.ch\/#\/schema\/logo\/image\/","url":"https:\/\/aiuto-padre-pio.ch\/wp-content\/uploads\/2021\/11\/Padre-Pio-Teaser-5.11.2021-3.jpg","contentUrl":"https:\/\/aiuto-padre-pio.ch\/wp-content\/uploads\/2021\/11\/Padre-Pio-Teaser-5.11.2021-3.jpg","width":842,"height":595,"caption":"Fondazione Aiuto Padre Pio"},"image":{"@id":"https:\/\/aiuto-padre-pio.ch\/#\/schema\/logo\/image\/"},"sameAs":["https:\/\/www.instagram.com\/aiutopadrepio\/"]}]}},"featured_image_src":null,"featured_image_src_square":null,"uagb_featured_image_src":{"full":false,"thumbnail":false,"medium":false,"medium_large":false,"large":false,"1536x1536":false,"2048x2048":false,"trp-custom-language-flag":false,"gg_gallery_thumbnail":false,"gb-block-post-grid-landscape":false,"gb-block-post-grid-square":false,"onepress-blog-small":false,"onepress-small":false,"onepress-medium":false},"uagb_author_info":{"display_name":"admin","author_link":"https:\/\/aiuto-padre-pio.ch\/it\/author\/ganbare27_mr7bqmkp\/"},"uagb_comment_info":0,"uagb_excerpt":"Die Gr\u00fcnder der Fondazione Aiuto Padre Pio Die \u201eFondazione Aiuto Padre Pio\u201c hat die Kleider-Sammlung zugunsten von bed\u00fcrftigen Menschen und Kindern intensiviert. Dank der unerm\u00fcdlichen Arbeit der Fondazione konnte man ...","jetpack_sharing_enabled":true,"_links":{"self":[{"href":"https:\/\/aiuto-padre-pio.ch\/it\/wp-json\/wp\/v2\/pages\/179","targetHints":{"allow":["GET"]}}],"collection":[{"href":"https:\/\/aiuto-padre-pio.ch\/it\/wp-json\/wp\/v2\/pages"}],"about":[{"href":"https:\/\/aiuto-padre-pio.ch\/it\/wp-json\/wp\/v2\/types\/page"}],"author":[{"embeddable":true,"href":"https:\/\/aiuto-padre-pio.ch\/it\/wp-json\/wp\/v2\/users\/1"}],"replies":[{"embeddable":true,"href":"https:\/\/aiuto-padre-pio.ch\/it\/wp-json\/wp\/v2\/comments?post=179"}],"version-history":[{"count":9,"href":"https:\/\/aiuto-padre-pio.ch\/it\/wp-json\/wp\/v2\/pages\/179\/revisions"}],"predecessor-version":[{"id":958,"href":"https:\/\/aiuto-padre-pio.ch\/it\/wp-json\/wp\/v2\/pages\/179\/revisions\/958"}],"wp:attachment":[{"href":"https:\/\/aiuto-padre-pio.ch\/it\/wp-json\/wp\/v2\/media?parent=179"}],"curies":[{"name":"wp","href":"https:\/\/api.w.org\/{rel}","templated":true}]}}